{"id":1409,"date":"2014-10-05T10:38:28","date_gmt":"2014-10-05T09:38:28","guid":{"rendered":"https:\/\/projeteducatifniger.org\/?page_id=1409"},"modified":"2014-10-05T10:38:28","modified_gmt":"2014-10-05T08:38:28","slug":"donde-esta-el-niger","status":"publish","type":"page","link":"https:\/\/projeteducatifniger.org\/es\/donde-esta-el-niger\/","title":{"rendered":"Donde esta el N\u00edger ?"},"content":{"rendered":"<div id=\"attachment_724\" style=\"width: 310px\" class=\"wp-caption aligncenter\"><a href=\"http:\/\/www.projeteducatifniger.org\/accueil\/wp-content\/uploads\/monde.jpg\"><img loading=\"lazy\" decoding=\"async\" aria-describedby=\"caption-attachment-724\" class=\"size-medium wp-image-724\" style=\"border-width: 1px; border-color: black; border-style: solid;\" alt=\"monde\" src=\"http:\/\/www.projeteducatifniger.org\/accueil\/wp-content\/uploads\/monde-300x192.jpg\" width=\"300\" height=\"192\" srcset=\"https:\/\/projeteducatifniger.org\/wp-content\/uploads\/monde-300x192.jpg 300w, https:\/\/projeteducatifniger.org\/wp-content\/uploads\/monde.jpg 560w\" sizes=\"(max-width: 300px) 100vw, 300px\" \/><\/a><p id=\"caption-attachment-724\" class=\"wp-caption-text\"><em>La tierra cuenta con 6 continentes: Am\u00e9rica, Europa, Asia, Africa, Ocean\u00eda, Ant\u00e1rtida<\/em><\/p><\/div>\n<div id=\"attachment_723\" style=\"width: 278px\" class=\"wp-caption aligncenter\"><a href=\"http:\/\/www.projeteducatifniger.org\/accueil\/wp-content\/uploads\/afrique.jpg\"><img loading=\"lazy\" decoding=\"async\" aria-describedby=\"caption-attachment-723\" class=\"size-medium wp-image-723\" style=\"border-width: 1px; border-color: black; border-style: solid;\" alt=\"afrique\" src=\"http:\/\/www.projeteducatifniger.org\/accueil\/wp-content\/uploads\/afrique-268x300.jpg\" width=\"268\" height=\"300\" srcset=\"https:\/\/projeteducatifniger.org\/wp-content\/uploads\/afrique-268x300.jpg 268w, https:\/\/projeteducatifniger.org\/wp-content\/uploads\/afrique.jpg 449w\" sizes=\"(max-width: 268px) 100vw, 268px\" \/><\/a><p id=\"caption-attachment-723\" class=\"wp-caption-text\"><em>N\u00edger (representado en amarillo) es un pa\u00eds de<\/em> <em>Africa<\/em><\/p><\/div>\n<p lang=\"es-ES\"><span style=\"font-family: Arial, sans-serif;\"><span style=\"font-size: large;\">Este gran pa\u00eds est\u00e1 relativamente poco poblado dado que se calculan unos diecisiete (17) millones de habitantes que viven sobre todo en el sur del pa\u00eds puesto que el norte es des\u00e9rtico.<\/span><\/span><\/p>\n<p lang=\"es-ES\"><span style=\"font-family: Arial, sans-serif;\"><span style=\"font-size: large;\">N\u00edger es un pa\u00eds de gran tama\u00f1o ya que ocupa tanto como Francia, Espa\u00f1a, Portugal, Suiza, B\u00e9lgica y Luxemburgo juntos!<\/span><\/span><\/p>\n<p lang=\"es-ES\" style=\"text-align: center;\"><a href=\"http:\/\/www.projeteducatifniger.org\/accueil\/wp-content\/uploads\/niger3.jpg\"><img loading=\"lazy\" decoding=\"async\" class=\"aligncenter size-medium wp-image-681\" style=\"border-width: 1px; border-color: black; border-style: solid;\" alt=\"niger3\" src=\"http:\/\/www.projeteducatifniger.org\/accueil\/wp-content\/uploads\/niger3-300x300.jpg\" width=\"300\" height=\"300\" srcset=\"https:\/\/projeteducatifniger.org\/wp-content\/uploads\/niger3-300x300.jpg 300w, https:\/\/projeteducatifniger.org\/wp-content\/uploads\/niger3-150x150.jpg 150w, https:\/\/projeteducatifniger.org\/wp-content\/uploads\/niger3-30x30.jpg 30w, https:\/\/projeteducatifniger.org\/wp-content\/uploads\/niger3.jpg 473w\" sizes=\"(max-width: 300px) 100vw, 300px\" \/><\/a><\/p>\n<p style=\"text-align: center;\"><a href=\"http:\/\/www.projeteducatifniger.org\/accueil\/wp-content\/uploads\/niger4.jpg\"><img loading=\"lazy\" decoding=\"async\" class=\"aligncenter size-medium wp-image-717\" style=\"border-width: 1px; border-color: black; border-style: solid;\" alt=\"niger4\" src=\"http:\/\/www.projeteducatifniger.org\/accueil\/wp-content\/uploads\/niger4-300x225.jpg\" width=\"300\" height=\"225\" srcset=\"https:\/\/projeteducatifniger.org\/wp-content\/uploads\/niger4-300x225.jpg 300w, https:\/\/projeteducatifniger.org\/wp-content\/uploads\/niger4.jpg 800w\" sizes=\"(max-width: 300px) 100vw, 300px\" \/><\/a><\/p>\n<div id=\"attachment_718\" style=\"width: 310px\" class=\"wp-caption aligncenter\"><a href=\"http:\/\/www.projeteducatifniger.org\/accueil\/wp-content\/uploads\/niger5.jpg\"><img loading=\"lazy\" decoding=\"async\" aria-describedby=\"caption-attachment-718\" class=\"size-medium wp-image-718\" style=\"border-width: 1px; border-color: black; border-style: solid;\" alt=\"niger5\" src=\"http:\/\/www.projeteducatifniger.org\/accueil\/wp-content\/uploads\/niger5-300x225.jpg\" width=\"300\" height=\"225\" srcset=\"https:\/\/projeteducatifniger.org\/wp-content\/uploads\/niger5-300x225.jpg 300w, https:\/\/projeteducatifniger.org\/wp-content\/uploads\/niger5.jpg 800w\" sizes=\"(max-width: 300px) 100vw, 300px\" \/><\/a><p id=\"caption-attachment-718\" class=\"wp-caption-text\"><em>Hay mucha gente y mucha actividad en las calles<\/em><\/p><\/div>\n<p><span style=\"color: #000000;\"><span style=\"font-family: Arial, sans-serif;\"><span style=\"font-size: large;\"><span style=\"color: #333333;\">Algunas im\u00e1genes de los pueblos del N\u00edger :<\/span> <\/span><\/span><\/span><\/p>\n<div id=\"attachment_688\" style=\"width: 310px\" class=\"wp-caption aligncenter\"><a href=\"http:\/\/www.projeteducatifniger.org\/accueil\/wp-content\/uploads\/niger8.jpg\"><img loading=\"lazy\" decoding=\"async\" aria-describedby=\"caption-attachment-688\" class=\"size-medium wp-image-688\" style=\"border-width: 1px; border-color: black; border-style: solid;\" alt=\"niger8\" src=\"http:\/\/www.projeteducatifniger.org\/accueil\/wp-content\/uploads\/niger8-300x225.jpg\" width=\"300\" height=\"225\" srcset=\"https:\/\/projeteducatifniger.org\/wp-content\/uploads\/niger8-300x225.jpg 300w, https:\/\/projeteducatifniger.org\/wp-content\/uploads\/niger8-1024x768.jpg 1024w, https:\/\/projeteducatifniger.org\/wp-content\/uploads\/niger8.jpg 1600w\" sizes=\"(max-width: 300px) 100vw, 300px\" \/><\/a><p id=\"caption-attachment-688\" class=\"wp-caption-text\"><em>El pueblo de Tessa se encuentra en la sabana<\/em><\/p><\/div>\n<div id=\"attachment_689\" style=\"width: 310px\" class=\"wp-caption aligncenter\"><a href=\"http:\/\/www.projeteducatifniger.org\/accueil\/wp-content\/uploads\/niger9.jpg\"><img loading=\"lazy\" decoding=\"async\" aria-describedby=\"caption-attachment-689\" class=\"size-medium wp-image-689\" style=\"border-width: 1px; border-color: black; border-style: solid;\" alt=\"niger9\" src=\"http:\/\/www.projeteducatifniger.org\/accueil\/wp-content\/uploads\/niger9-300x202.jpg\" width=\"300\" height=\"202\" srcset=\"https:\/\/projeteducatifniger.org\/wp-content\/uploads\/niger9-300x202.jpg 300w, https:\/\/projeteducatifniger.org\/wp-content\/uploads\/niger9-1024x691.jpg 1024w, https:\/\/projeteducatifniger.org\/wp-content\/uploads\/niger9.jpg 1600w\" sizes=\"(max-width: 300px) 100vw, 300px\" \/><\/a><p id=\"caption-attachment-689\" class=\"wp-caption-text\"><em>Las caba\u00f1as est\u00e1n hechas de paja, como \u00e9sta<\/em><\/p><\/div>\n<div id=\"attachment_691\" style=\"width: 310px\" class=\"wp-caption aligncenter\"><a href=\"http:\/\/www.projeteducatifniger.org\/accueil\/wp-content\/uploads\/niger10.jpg\"><img loading=\"lazy\" decoding=\"async\" aria-describedby=\"caption-attachment-691\" class=\"size-medium wp-image-691\" style=\"border-width: 1px; border-color: black; border-style: solid;\" alt=\"niger10\" src=\"http:\/\/www.projeteducatifniger.org\/accueil\/wp-content\/uploads\/niger10-300x202.jpg\" width=\"300\" height=\"202\" srcset=\"https:\/\/projeteducatifniger.org\/wp-content\/uploads\/niger10-300x202.jpg 300w, https:\/\/projeteducatifniger.org\/wp-content\/uploads\/niger10-1024x691.jpg 1024w, https:\/\/projeteducatifniger.org\/wp-content\/uploads\/niger10.jpg 1600w\" sizes=\"(max-width: 300px) 100vw, 300px\" \/><\/a><p id=\"caption-attachment-691\" class=\"wp-caption-text\">Una ni\u00f1a peque\u00f1a Peulh nos ense\u00f1a su caba\u00f1a familiar<\/p><\/div>\n<div id=\"attachment_692\" style=\"width: 310px\" class=\"wp-caption aligncenter\"><a href=\"http:\/\/www.projeteducatifniger.org\/accueil\/wp-content\/uploads\/niger11.jpg\"><img loading=\"lazy\" decoding=\"async\" aria-describedby=\"caption-attachment-692\" class=\"size-medium wp-image-692  \" style=\"border-width: 1px; border-color: black; border-style: solid;\" alt=\"\" src=\"http:\/\/www.projeteducatifniger.org\/accueil\/wp-content\/uploads\/niger11-300x225.jpg\" width=\"300\" height=\"225\" srcset=\"https:\/\/projeteducatifniger.org\/wp-content\/uploads\/niger11-300x225.jpg 300w, https:\/\/projeteducatifniger.org\/wp-content\/uploads\/niger11-1024x768.jpg 1024w, https:\/\/projeteducatifniger.org\/wp-content\/uploads\/niger11.jpg 1600w\" sizes=\"(max-width: 300px) 100vw, 300px\" \/><\/a><p id=\"caption-attachment-692\" class=\"wp-caption-text\"><em>En el N\u00edger muchos ni\u00f1os no van al colegio<\/em><\/p><\/div>\n<p>&nbsp;<\/p>\n<div id=\"attachment_693\" style=\"width: 235px\" class=\"wp-caption aligncenter\"><a href=\"http:\/\/www.projeteducatifniger.org\/accueil\/wp-content\/uploads\/niger12.jpg\"><img loading=\"lazy\" decoding=\"async\" aria-describedby=\"caption-attachment-693\" class=\"size-medium wp-image-693\" style=\"border-width: 1px; border-color: black; border-style: solid;\" alt=\"niger12\" src=\"http:\/\/www.projeteducatifniger.org\/accueil\/wp-content\/uploads\/niger12-225x300.jpg\" width=\"225\" height=\"300\" srcset=\"https:\/\/projeteducatifniger.org\/wp-content\/uploads\/niger12-225x300.jpg 225w, https:\/\/projeteducatifniger.org\/wp-content\/uploads\/niger12-768x1024.jpg 768w, https:\/\/projeteducatifniger.org\/wp-content\/uploads\/niger12.jpg 900w\" sizes=\"(max-width: 225px) 100vw, 225px\" \/><\/a><p id=\"caption-attachment-693\" class=\"wp-caption-text\">L<em>os ni\u00f1os trabajan para ayudar a sus padres<\/em><\/p><\/div>\n<p><span class=\"Apple-style-span\" style=\"font-family: Arial, sans-serif; font-size: large;\">La correspondencia organizada por el Proyecto N\u00edger permite que los alumnos del Liceo Franc\u00e9s de Madrid conozcan a los alumnos de Tessa y de otros 5 pueblos del N\u00edger.<\/span><\/p>\n<div id=\"attachment_697\" style=\"width: 310px\" class=\"wp-caption aligncenter\"><a href=\"http:\/\/www.projeteducatifniger.org\/accueil\/wp-content\/uploads\/niger15.jpg\"><img loading=\"lazy\" decoding=\"async\" aria-describedby=\"caption-attachment-697\" class=\"size-medium wp-image-697\" style=\"border-width: 1px; border-color: black; border-style: solid;\" alt=\"niger15\" src=\"http:\/\/www.projeteducatifniger.org\/accueil\/wp-content\/uploads\/niger15-300x225.jpg\" width=\"300\" height=\"225\" srcset=\"https:\/\/projeteducatifniger.org\/wp-content\/uploads\/niger15-300x225.jpg 300w, https:\/\/projeteducatifniger.org\/wp-content\/uploads\/niger15-1024x768.jpg 1024w, https:\/\/projeteducatifniger.org\/wp-content\/uploads\/niger15.jpg 1600w\" sizes=\"(max-width: 300px) 100vw, 300px\" \/><\/a><p id=\"caption-attachment-697\" class=\"wp-caption-text\"><em>Una clase en pleno trabajo de correspondencia<\/em><\/p><\/div>\n","protected":false},"excerpt":{"rendered":"<p>Este gran pa\u00eds est\u00e1 relativamente poco poblado dado que se calculan unos diecisiete (17) millones de habitantes que viven sobre todo en el sur del pa\u00eds puesto que el norte es des\u00e9rtico. N\u00edger es un pa\u00eds de gran tama\u00f1o ya que ocupa tanto como Francia, Espa\u00f1a, Portugal, Suiza, B\u00e9lgica y Luxemburgo juntos! Algunas im\u00e1genes de [&hellip;]<\/p>\n","protected":false},"author":1,"featured_media":0,"parent":0,"menu_order":0,"comment_status":"closed","ping_status":"open","template":"","meta":{"_et_pb_use_builder":"","_et_pb_old_content":"","_et_gb_content_width":"","footnotes":""},"class_list":["post-1409","page","type-page","status-publish","hentry"],"_links":{"self":[{"href":"https:\/\/projeteducatifniger.org\/es\/wp-json\/wp\/v2\/pages\/1409","targetHints":{"allow":["GET"]}}],"collection":[{"href":"https:\/\/projeteducatifniger.org\/es\/wp-json\/wp\/v2\/pages"}],"about":[{"href":"https:\/\/projeteducatifniger.org\/es\/wp-json\/wp\/v2\/types\/page"}],"author":[{"embeddable":true,"href":"https:\/\/projeteducatifniger.org\/es\/wp-json\/wp\/v2\/users\/1"}],"replies":[{"embeddable":true,"href":"https:\/\/projeteducatifniger.org\/es\/wp-json\/wp\/v2\/comments?post=1409"}],"version-history":[{"count":0,"href":"https:\/\/projeteducatifniger.org\/es\/wp-json\/wp\/v2\/pages\/1409\/revisions"}],"wp:attachment":[{"href":"https:\/\/projeteducatifniger.org\/es\/wp-json\/wp\/v2\/media?parent=1409"}],"curies":[{"name":"wp","href":"https:\/\/api.w.org\/{rel}","templated":true}]}}