{"id":1400,"date":"2013-04-14T22:37:17","date_gmt":"2013-04-14T21:37:17","guid":{"rendered":"https:\/\/projeteducatifniger.org\/?page_id=1400"},"modified":"2013-04-14T22:37:17","modified_gmt":"2013-04-14T20:37:17","slug":"construccion-de-2-clases-en-tessa","status":"publish","type":"page","link":"https:\/\/projeteducatifniger.org\/es\/acciones-llevadas-a-cabo\/construccion-de-2-clases-en-tessa\/","title":{"rendered":"Construcci\u00f3n de 2 clases en Tessa"},"content":{"rendered":"<pre>Tenemos el placer de anunciar que las obras se terminaron y que la entrega oficial<\/pre>\n<pre>de los edificios se celebr\u00f3 el s\u00e1bado 1 de junio 2013.<\/pre>\n<pre>La ceremonia se ha desarrollado en presencia de las autoridades tradicionales y\r\nadministrativas, del director de Genio Rural, organismo gubernamental encargado del\r\nseguimiento y del control de las obras, as\u00ed como del Inspector de la Educaci\u00f3n de\r\nDosso, capital regional de la que depende la comuna de Tessa.<\/pre>\n<pre>Todos han comunicado su gran satisfacci\u00f3n y han felicitado a la empresa Garba Zadi\r\npor su rapidez y su eficacia.<\/pre>\n<pre>La asociaci\u00f3n Proyecto N\u00edger est\u00e1 muy contenta de este excelente trabajo.<\/pre>\n<pre>Todas las partes concernidas han colaborado en un clima de gran confianza lo que\r\npermite esperar m\u00e1s trabajo realizado en un futuro pr\u00f3ximo.<\/pre>\n<pre>Una vez m\u00e1s, debemos decir que el Equipo basado en el N\u00edger ha hecho un espl\u00e9ndido\r\ntrabajo en unas conficiones a veces dif\u00edciles.<\/pre>\n<pre>La asociaci\u00f3n Proyecto Niger agradece todas aquellas y todos aquellos que han hecho\r\nposible este resultado, y, principalmente los alumnos, actualmente en 6\u00ba y en 4\u00ba que\r\ncorrieron (carreras de solidaridad 2010 y 2012) para este proyecto.<\/pre>\n<pre><\/pre>\n<div id=\"attachment_508\" style=\"width: 310px\" class=\"wp-caption alignleft\"><a href=\"http:\/\/www.projeteducatifniger.org\/accueil\/wp-content\/uploads\/P6010056.jpg\"><img loading=\"lazy\" decoding=\"async\" aria-describedby=\"caption-attachment-508\" class=\"size-medium wp-image-508\" title=\"Ext\u00e9rieur d'une classe de Tessa (3)\" alt=\"\" src=\"http:\/\/www.projeteducatifniger.org\/accueil\/wp-content\/uploads\/P6010056-300x225.jpg\" width=\"300\" height=\"225\" srcset=\"https:\/\/projeteducatifniger.org\/wp-content\/uploads\/P6010056-300x225.jpg 300w, https:\/\/projeteducatifniger.org\/wp-content\/uploads\/P6010056-1024x768.jpg 1024w, https:\/\/projeteducatifniger.org\/wp-content\/uploads\/P6010056.jpg 1600w\" sizes=\"(max-width: 300px) 100vw, 300px\" \/><\/a><p id=\"caption-attachment-508\" class=\"wp-caption-text\">Ext\u00e9rieur d&#8217;une classe de Tessa<\/p><\/div>\n<div id=\"attachment_505\" style=\"width: 310px\" class=\"wp-caption alignright\"><a href=\"http:\/\/www.projeteducatifniger.org\/accueil\/wp-content\/uploads\/P6010025.jpg\"><img loading=\"lazy\" decoding=\"async\" aria-describedby=\"caption-attachment-505\" class=\"size-medium wp-image-505\" title=\"Int\u00e9rieur d'une classe\" alt=\"\" src=\"http:\/\/www.projeteducatifniger.org\/accueil\/wp-content\/uploads\/P6010025-300x225.jpg\" width=\"300\" height=\"225\" srcset=\"https:\/\/projeteducatifniger.org\/wp-content\/uploads\/P6010025-300x225.jpg 300w, https:\/\/projeteducatifniger.org\/wp-content\/uploads\/P6010025-1024x768.jpg 1024w, https:\/\/projeteducatifniger.org\/wp-content\/uploads\/P6010025.jpg 1600w\" sizes=\"(max-width: 300px) 100vw, 300px\" \/><\/a><p id=\"caption-attachment-505\" class=\"wp-caption-text\">Int\u00e9rieur d&#8217;une salle de classe<\/p><\/div>\n<div id=\"attachment_509\" style=\"width: 310px\" class=\"wp-caption aligncenter\"><a href=\"http:\/\/www.projeteducatifniger.org\/accueil\/wp-content\/uploads\/P6010060.jpg\"><img loading=\"lazy\" decoding=\"async\" aria-describedby=\"caption-attachment-509\" class=\"size-medium wp-image-509\" title=\"Responsables de Tessa\" alt=\"\" src=\"http:\/\/www.projeteducatifniger.org\/accueil\/wp-content\/uploads\/P6010060-300x225.jpg\" width=\"300\" height=\"225\" srcset=\"https:\/\/projeteducatifniger.org\/wp-content\/uploads\/P6010060-300x225.jpg 300w, https:\/\/projeteducatifniger.org\/wp-content\/uploads\/P6010060-1024x768.jpg 1024w, https:\/\/projeteducatifniger.org\/wp-content\/uploads\/P6010060.jpg 1600w\" sizes=\"(max-width: 300px) 100vw, 300px\" \/><\/a><p id=\"caption-attachment-509\" class=\"wp-caption-text\">Les repr\u00e9sentants de la population de Tessa et les autorit\u00e9s<\/p><\/div>\n","protected":false},"excerpt":{"rendered":"<p>Tenemos el placer de anunciar que las obras se terminaron y que la entrega oficial de los edificios se celebr\u00f3 el s\u00e1bado 1 de junio 2013. La ceremonia se ha desarrollado en presencia de las autoridades tradicionales y administrativas, del director de Genio Rural, organismo gubernamental encargado del seguimiento y del control de las obras, [&hellip;]<\/p>\n","protected":false},"author":1,"featured_media":0,"parent":1364,"menu_order":0,"comment_status":"closed","ping_status":"open","template":"","meta":{"_et_pb_use_builder":"","_et_pb_old_content":"","_et_gb_content_width":"","footnotes":""},"class_list":["post-1400","page","type-page","status-publish","hentry"],"_links":{"self":[{"href":"https:\/\/projeteducatifniger.org\/es\/wp-json\/wp\/v2\/pages\/1400","targetHints":{"allow":["GET"]}}],"collection":[{"href":"https:\/\/projeteducatifniger.org\/es\/wp-json\/wp\/v2\/pages"}],"about":[{"href":"https:\/\/projeteducatifniger.org\/es\/wp-json\/wp\/v2\/types\/page"}],"author":[{"embeddable":true,"href":"https:\/\/projeteducatifniger.org\/es\/wp-json\/wp\/v2\/users\/1"}],"replies":[{"embeddable":true,"href":"https:\/\/projeteducatifniger.org\/es\/wp-json\/wp\/v2\/comments?post=1400"}],"version-history":[{"count":0,"href":"https:\/\/projeteducatifniger.org\/es\/wp-json\/wp\/v2\/pages\/1400\/revisions"}],"up":[{"embeddable":true,"href":"https:\/\/projeteducatifniger.org\/es\/wp-json\/wp\/v2\/pages\/1364"}],"wp:attachment":[{"href":"https:\/\/projeteducatifniger.org\/es\/wp-json\/wp\/v2\/media?parent=1400"}],"curies":[{"name":"wp","href":"https:\/\/api.w.org\/{rel}","templated":true}]}}