{"id":1382,"date":"2012-09-09T17:23:51","date_gmt":"2012-09-09T16:23:51","guid":{"rendered":"https:\/\/projeteducatifniger.org\/?page_id=1382"},"modified":"2012-09-09T17:23:51","modified_gmt":"2012-09-09T15:23:51","slug":"accion-de-micro-credito","status":"publish","type":"page","link":"https:\/\/projeteducatifniger.org\/es\/acciones-llevadas-a-cabo\/accion-de-micro-credito\/","title":{"rendered":"Acci\u00f3n de micro-cr\u00e9dito"},"content":{"rendered":"<p style=\"text-align: center;\"><strong><\/strong><strong>PUESTA EN MARCHA DE UNA ACCI\u00d3N DE MICRO-CR\u00c9DITO A FAVOR DE MADRES DE ALUMNOS DE LA REGI\u00d3N DE TESSA, PARA LLEVAR A CABO LA ACTIVIDAD DEL ENGORDE OVINO<\/strong><\/p>\n<p>Este programa de micro-cr\u00e9dito va dirigido a las madres de alumnos de colegios de las aldeas en las que interviene el Proyecto N\u00edger: Tessa, Tombo-Tessa, Manmandeye, Alhassandeye et Mayakideye.<\/p>\n<p>Cada a\u00f1o un grupo de mujeres se benefician de un pr\u00e9stamo que les permite empezar con una actividad que ellas eligen como la\u00a0 de las ovejas, destinadas a la venta en los mercados cercanos.<\/p>\n<p>&nbsp;<\/p>\n<div id=\"attachment_211\" style=\"width: 586px\" class=\"wp-caption aligncenter\"><a href=\"http:\/\/www.projeteducatifniger.org\/accueil\/wp-content\/uploads\/v10_Alhas2_106f587crrd.jpg\"><img loading=\"lazy\" decoding=\"async\" aria-describedby=\"caption-attachment-211\" class=\" wp-image-211 \" title=\"v10_Alhas2_106f587crrd\" src=\"http:\/\/www.projeteducatifniger.org\/accueil\/wp-content\/uploads\/v10_Alhas2_106f587crrd.jpg\" alt=\"\" width=\"576\" height=\"226\" srcset=\"https:\/\/projeteducatifniger.org\/wp-content\/uploads\/v10_Alhas2_106f587crrd.jpg 960w, https:\/\/projeteducatifniger.org\/wp-content\/uploads\/v10_Alhas2_106f587crrd-300x117.jpg 300w\" sizes=\"(max-width: 576px) 100vw, 576px\" \/><\/a><p id=\"caption-attachment-211\" class=\"wp-caption-text\"><em><em>Madres de alumnos en los colegios de las aldeas en los que interviene el Proyecto N\u00edger y que se ven beneficiados de un micro-cr\u00e9dito<\/em><\/em><\/p><\/div>\n<p>Desde que empez\u00f3 este programa ha aumentado el n\u00famero de madres que aportan su dinero al fondo con forma de pr\u00e9stamo y el de los grupos de madres que reciben los micro-cr\u00e9ditos.<\/p>\n<p>Los grupos son solidarios, en la organizaci\u00f3n y el compromiso frente a los imprevistos y dificultades que sobrevienen. En caso de haber alg\u00fan problema eventual con un miembro del grupo, es responsabilidad de todo el grupo comprometido.<\/p>\n<p>&nbsp;<\/p>\n<p style=\"text-align: justify;\"><a href=\"http:\/\/www.projeteducatifniger.org\/accueil\/wp-content\/uploads\/v08mcrTessa162.jpg\"><img loading=\"lazy\" decoding=\"async\" class=\"alignright size-full wp-image-218\" style=\"margin-left: 4px; margin-right: 4px; margin-top: 3px; margin-bottom: 3px; border-width: 2px; border-color: black; border-style: solid;\" title=\"micro-credit3\" src=\"http:\/\/www.projeteducatifniger.org\/accueil\/wp-content\/uploads\/v08mcrTessa162.jpg\" alt=\"\" width=\"300\" height=\"225\" \/><\/a>El grupo se compromete a constituir un Comit\u00e9 de Gesti\u00f3n, compuesto por una\u00a0 presidenta, una secretaria, una tesorera y una encargada de la informaci\u00f3n, que se encargar\u00e1 de realizar seguimiento y de los asuntos cotidianos de la actividad.<\/p>\n<p>El n\u00famero de mujeres elegidas para llevar a cabo la actividad var\u00eda en funci\u00f3n de la cantidad de dinero disponible y de las dificultades inherentes a la puesta en marcha del micro-cr\u00e9dito.<\/p>\n<p>Para beneficiarse del micro-cr\u00e9dito, hay que ser madre o responsable de la educaci\u00f3n de un hijo escolarizado, y participar activamente de la vida del colegio.<\/p>\n<p>&nbsp;<\/p>\n<div>\n<p style=\"text-align: center;\">\u00a0\u00a0<strong>EN JULIO 2011, 72 MADRES SE BENEFICIAN DE UN PR\u00c9STAMO QUE\u00a0 LES PERMITE ARRANCAR SU ACTIVIDAD DE ENGORDE OVINO<\/strong><\/p>\n<table class=\"aligncenter\" width=\"429\" border=\"1\" cellspacing=\"0\" cellpadding=\"4\">\n<colgroup>\n<col width=\"287\" \/>\n<col width=\"124\" \/> <\/colgroup>\n<tbody>\n<tr valign=\"TOP\">\n<td width=\"287\">\n<p align=\"CENTER\"><strong><span style=\"color: #003300;\"><span style=\"font-family: Arial, sans-serif;\"><span style=\"font-size: large;\"><strong><strong>Grupo receptor<br \/>\ny aldea<\/strong><br \/>\n<\/strong><\/span><\/span><\/span><\/strong><\/p>\n<\/td>\n<td width=\"124\">\n<p align=\"CENTER\"><strong><span style=\"color: #003300;\"><span style=\"font-family: Arial, sans-serif;\"><span style=\"font-size: large;\"><strong><strong>Nombre de mujeres<br \/>\npor grupo<\/strong><br \/>\n<\/strong><\/span><\/span><\/span><\/strong><\/p>\n<\/td>\n<\/tr>\n<tr valign=\"TOP\">\n<td width=\"287\">\n<p align=\"CENTER\"><span style=\"color: #003300;\"><span style=\"font-family: Arial, sans-serif;\"><span style=\"font-size: medium;\">Grupo de Tessa<\/span><\/span><\/span><\/p>\n<\/td>\n<td width=\"124\">\n<p align=\"CENTER\"><span style=\"font-family: Arial, sans-serif;\"><span style=\"font-size: medium;\">18<\/span><\/span><\/p>\n<\/td>\n<\/tr>\n<tr valign=\"TOP\">\n<td width=\"287\">\n<p align=\"CENTER\"><span style=\"color: #003300;\"><span style=\"font-family: Arial, sans-serif;\"><span style=\"font-size: medium;\">Grupo de Manmandeye<\/span><\/span><\/span><\/p>\n<\/td>\n<td width=\"124\">\n<p align=\"CENTER\"><span style=\"font-family: Arial, sans-serif;\"><span style=\"font-size: medium;\">16<\/span><\/span><\/p>\n<\/td>\n<\/tr>\n<tr valign=\"TOP\">\n<td width=\"287\">\n<p align=\"CENTER\"><span style=\"font-family: Arial, sans-serif;\"><span style=\"font-size: medium;\"><span style=\"color: #003300;\">Grupo de<\/span><span style=\"color: #003300;\"> Alhassandeye<\/span><\/span><\/span><\/p>\n<\/td>\n<td width=\"124\">\n<p align=\"CENTER\"><span style=\"font-family: Arial, sans-serif;\"><span style=\"font-size: medium;\">12<\/span><\/span><\/p>\n<\/td>\n<\/tr>\n<tr valign=\"TOP\">\n<td width=\"287\">\n<p align=\"CENTER\"><span style=\"font-family: Arial, sans-serif;\"><span style=\"font-size: medium;\"><span style=\"color: #003300;\">Grupo de<\/span><span style=\"color: #003300;\">\u00a0Tombo Tessa<\/span><\/span><\/span><\/p>\n<\/td>\n<td width=\"124\">\n<p align=\"CENTER\"><span style=\"font-family: Arial, sans-serif;\"><span style=\"font-size: medium;\">13<\/span><\/span><\/p>\n<\/td>\n<\/tr>\n<tr valign=\"TOP\">\n<td width=\"287\">\n<p align=\"CENTER\"><span style=\"color: #003300;\"><span style=\"font-family: Arial, sans-serif;\"><span style=\"font-size: medium;\">Grupo de Mayakideye<\/span><\/span><\/span><\/p>\n<\/td>\n<td width=\"124\">\n<p align=\"CENTER\"><span style=\"font-family: Arial, sans-serif;\"><span style=\"font-size: medium;\">13<\/span><\/span><\/p>\n<\/td>\n<\/tr>\n<\/tbody>\n<\/table>\n<p style=\"text-align: justify;\">La continuidad de \u00a0\u00bb la acci\u00f3n de engorde ovino \u00a0\u00bb o el desarrollo de otros planes de micro-cr\u00e9dito\u00a0 para las madres de alumnos de las aldeas de N\u00edger, dependen de los fondos econ\u00f3micos disponibles. Estos fondos provienen del reintegro de los micro-cr\u00e9ditos y de las aportaciones de los colaboradores que financian del proyecto.<\/p>\n<p style=\"text-align: justify;\"><strong><strong>Todas las personas interesadas en colaborar con esta acci\u00f3n de micro-cr\u00e9dito, o con cualquier otra acci\u00f3n que se vaya a llevar a cabo con las madres de alumnos de los colegios del N\u00edger pueden escribirnos en el apartado \u201ccont\u00e1ctenos\u201d para recibir informaci\u00f3n adicional.<\/strong><\/strong><\/p>\n<p style=\"text-align: center;\"><a href=\"http:\/\/www.projeteducatifniger.org\/accueil\/wp-content\/uploads\/v08mcrMm077_rd.jpg\"><img loading=\"lazy\" decoding=\"async\" class=\"aligncenter size-full wp-image-229\" style=\"border-width: 2px; border-color: black; border-style: solid;\" title=\"micro-credit2\" src=\"http:\/\/www.projeteducatifniger.org\/accueil\/wp-content\/uploads\/v08mcrMm077_rd.jpg\" alt=\"\" width=\"320\" height=\"240\" srcset=\"https:\/\/projeteducatifniger.org\/wp-content\/uploads\/v08mcrMm077_rd.jpg 320w, https:\/\/projeteducatifniger.org\/wp-content\/uploads\/v08mcrMm077_rd-300x225.jpg 300w\" sizes=\"(max-width: 320px) 100vw, 320px\" \/><\/a><\/p>\n<p style=\"text-align: center;\">\n<\/div>\n<div id=\"wrc-float-icon\" style=\"position: fixed; z-index: 2147483646; left: 15px; top: 15px; width: 42px; height: 42px; background-image: url('safari-extension:\/\/com.avast.wrc-6H4HRTU5E3\/f05bbdba\/images\/float\/grey-0.png'); display: none;\"><\/div>\n","protected":false},"excerpt":{"rendered":"<p>PUESTA EN MARCHA DE UNA ACCI\u00d3N DE MICRO-CR\u00c9DITO A FAVOR DE MADRES DE ALUMNOS DE LA REGI\u00d3N DE TESSA, PARA LLEVAR A CABO LA ACTIVIDAD DEL ENGORDE OVINO Este programa de micro-cr\u00e9dito va dirigido a las madres de alumnos de colegios de las aldeas en las que interviene el Proyecto N\u00edger: Tessa, Tombo-Tessa, Manmandeye, Alhassandeye [&hellip;]<\/p>\n","protected":false},"author":1,"featured_media":0,"parent":1364,"menu_order":0,"comment_status":"closed","ping_status":"closed","template":"","meta":{"_et_pb_use_builder":"","_et_pb_old_content":"","_et_gb_content_width":"","footnotes":""},"class_list":["post-1382","page","type-page","status-publish","hentry"],"_links":{"self":[{"href":"https:\/\/projeteducatifniger.org\/es\/wp-json\/wp\/v2\/pages\/1382","targetHints":{"allow":["GET"]}}],"collection":[{"href":"https:\/\/projeteducatifniger.org\/es\/wp-json\/wp\/v2\/pages"}],"about":[{"href":"https:\/\/projeteducatifniger.org\/es\/wp-json\/wp\/v2\/types\/page"}],"author":[{"embeddable":true,"href":"https:\/\/projeteducatifniger.org\/es\/wp-json\/wp\/v2\/users\/1"}],"replies":[{"embeddable":true,"href":"https:\/\/projeteducatifniger.org\/es\/wp-json\/wp\/v2\/comments?post=1382"}],"version-history":[{"count":0,"href":"https:\/\/projeteducatifniger.org\/es\/wp-json\/wp\/v2\/pages\/1382\/revisions"}],"up":[{"embeddable":true,"href":"https:\/\/projeteducatifniger.org\/es\/wp-json\/wp\/v2\/pages\/1364"}],"wp:attachment":[{"href":"https:\/\/projeteducatifniger.org\/es\/wp-json\/wp\/v2\/media?parent=1382"}],"curies":[{"name":"wp","href":"https:\/\/api.w.org\/{rel}","templated":true}]}}