{"id":1380,"date":"2012-09-08T18:54:24","date_gmt":"2012-09-08T17:54:24","guid":{"rendered":"https:\/\/projeteducatifniger.org\/?page_id=1380"},"modified":"2012-09-08T18:54:24","modified_gmt":"2012-09-08T16:54:24","slug":"creacion-de-un-rebano-para-la-escuela","status":"publish","type":"page","link":"https:\/\/projeteducatifniger.org\/es\/acciones-llevadas-a-cabo\/creacion-de-un-rebano-para-la-escuela\/","title":{"rendered":"Creaci\u00f3n de un reba\u00f1o para la escuela"},"content":{"rendered":"<p><strong><strong><\/strong><strong>2002 \u2013 2003 \u00a0\u00a0CONSTITUCI\u00d3N\u00a0 DE \u00a0UN REBA\u00d1O DE OVEJAS \u00a0PARA\u00a0\u00a0LA ESCUELA \u00a0DE\u00a0\u00a0TESSA<\/strong><br \/>\n<\/strong><\/p>\n<p align=\"justify\">Gracias a\u00a0 los fondos de la acci\u00f3n solidaria, dos proyectos ya han empezado. Se trata de constituir un reba\u00f1o que pertenece a la escuela, con el fin de iniciar a los ni\u00f1os en la cr\u00eda de ganado. La ganader\u00eda sigue siendo un sector tradicional y fundamental para la econom\u00eda regional.<\/p>\n<div id=\"attachment_248\" style=\"width: 258px\" class=\"wp-caption aligncenter\"><a href=\"http:\/\/www.projeteducatifniger.org\/accueil\/wp-content\/uploads\/Tessa_cabras_red2.jpg\"><img loading=\"lazy\" decoding=\"async\" aria-describedby=\"caption-attachment-248\" class=\"size-full wp-image-248 \" style=\"border-width: 2px; border-color: black; border-style: solid;\" title=\"Cheptel_scolaire_1\" src=\"http:\/\/www.projeteducatifniger.org\/accueil\/wp-content\/uploads\/Tessa_cabras_red2.jpg\" alt=\"\" width=\"248\" height=\"236\" srcset=\"https:\/\/projeteducatifniger.org\/wp-content\/uploads\/Tessa_cabras_red2.jpg 248w, https:\/\/projeteducatifniger.org\/wp-content\/uploads\/Tessa_cabras_red2-30x30.jpg 30w\" sizes=\"(max-width: 248px) 100vw, 248px\" \/><\/a><p id=\"caption-attachment-248\" class=\"wp-caption-text\"><em><em>Ganado ovino de la escuela de Tessa<\/em><\/em><\/p><\/div>\n<p align=\"justify\">Los beneficios ligados a esta actividad van directamente a la caja de la escuela. As\u00ed, con un desarrollo end\u00f3geno y sostenible, se consigue mejorar las condiciones materiales de la escuela.<\/p>\n<p align=\"justify\">\u00a0 <strong>PROYECTOS:<\/strong><\/p>\n<div id=\"attachment_251\" style=\"width: 246px\" class=\"wp-caption alignleft\"><a href=\"http:\/\/www.projeteducatifniger.org\/accueil\/wp-content\/uploads\/tessa_esc_vacas_red.jpg\"><img loading=\"lazy\" decoding=\"async\" aria-describedby=\"caption-attachment-251\" class=\"size-full wp-image-251  \" style=\"border-width: 2px; border-color: black; border-style: solid; margin: 2px;\" title=\"cheptel_scolaire3\" src=\"http:\/\/www.projeteducatifniger.org\/accueil\/wp-content\/uploads\/tessa_esc_vacas_red.jpg\" alt=\"\" width=\"236\" height=\"158\" \/><\/a><p id=\"caption-attachment-251\" class=\"wp-caption-text\"><em><em>Vacas de la escuela de Tessa<\/em><\/em><\/p><\/div>\n<p style=\"text-align: justify;\" align=\"justify\">* Constituci\u00f3n de un reba\u00f1o de ovejas y vacas cuya crianza, de acuerdo con las autoridades nigerinas, est\u00e1 bajo la responsabilidad de los ni\u00f1os de las escuelas que colaboran con nosotros.<\/p>\n<p>*\u00a0 Constituci\u00f3n de un reba\u00f1o de cabras, 53 cabezas de ganado al d\u00eda de hoy. Los animales son cedidos a los alumnos quienes, dentro de las actividades familiares, se encargan de su cuidado.<\/p>\n<p>Nuestros asociados africanos han formado un comit\u00e9 de gesti\u00f3n que se encarga de cobrar una participaci\u00f3n por cada familia. El comit\u00e9 invierte ese dinero en la compra de nuevos animales. Los ni\u00f1os, dentro de las actividades pedag\u00f3gicas y conforme con los programas escolares nigerinos, tienen que cuidar de los animales. Poco a poco, la venta del ganado que se revende a final de a\u00f1o, les permite cubrir ellos mismos una parte de los gastos escolares.<\/p>\n<p>La asociaci\u00f3n de padres de alumnos se ocupa del reparto de los nuevos animales.<\/p>\n<p>&nbsp;<\/p>\n<p><strong>2003 \u2013 2004:\u00a0<\/strong>Constituci\u00f3n de un reba\u00f1o para las escuelas de\u00a0<strong>Manmandeye<\/strong>\u00a0y <strong>\u00a0Alassandeye<\/strong><\/p>\n<p><strong>2006 \u2013 2007:\u00a0<\/strong>Constituci\u00f3n de un reba\u00f1o para la escuela de\u00a0<strong>Tombo-Tessa<\/strong><\/p>\n<p><strong>2007 \u2013 2008:\u00a0Puesta en marcha de una ayuda a las madres de alumnos de 5\u00ba de primaria para combatir el ausentismo escolar en Tessa.<\/strong><\/p>\n<p>&nbsp;<\/p>\n<p style=\"text-align: justify;\" align=\"justify\"><a href=\"http:\/\/www.projeteducatifniger.org\/accueil\/wp-content\/uploads\/Man1_01HZ_dic07crd.jpg\"><img loading=\"lazy\" decoding=\"async\" class=\"alignright size-full wp-image-252\" style=\"margin-left: 4px; margin-right: 4px; border-width: 2px; border-color: black; border-style: solid;\" title=\"cheptel_scolaire4\" src=\"http:\/\/www.projeteducatifniger.org\/accueil\/wp-content\/uploads\/Man1_01HZ_dic07crd.jpg\" alt=\"\" width=\"185\" height=\"254\" \/><\/a>Al darnos cuenta de la tasa importante de abandono escolar\u00a0 hemos probado una nueva acci\u00f3n en Tessa. Proponemos desde el 2007 el cuidado de una cabra a las madres de los alumnos que empiezan 5\u00ba.<\/p>\n<p>La madre se queda con la mitad del beneficio de la crianza (en general uno o dos cabritos) y la otra mitad se da al comit\u00e9 de gesti\u00f3n escolar. Al final del curso, la madre tiene que pasar la cabra a otra madre de alumno que entrara en 5\u00ba.<\/p>\n<div id=\"wrc-float-icon\" style=\"position: fixed; z-index: 2147483646; left: 15px; top: 15px; width: 42px; height: 42px; background-image: url('safari-extension:\/\/com.avast.wrc-6H4HRTU5E3\/2d96adb0\/images\/float\/grey-0.png'); display: none;\"><\/div>\n","protected":false},"excerpt":{"rendered":"<p>2002 \u2013 2003 \u00a0\u00a0CONSTITUCI\u00d3N\u00a0 DE \u00a0UN REBA\u00d1O DE OVEJAS \u00a0PARA\u00a0\u00a0LA ESCUELA \u00a0DE\u00a0\u00a0TESSA Gracias a\u00a0 los fondos de la acci\u00f3n solidaria, dos proyectos ya han empezado. Se trata de constituir un reba\u00f1o que pertenece a la escuela, con el fin de iniciar a los ni\u00f1os en la cr\u00eda de ganado. La ganader\u00eda sigue siendo un sector [&hellip;]<\/p>\n","protected":false},"author":1,"featured_media":0,"parent":1364,"menu_order":0,"comment_status":"closed","ping_status":"closed","template":"","meta":{"_et_pb_use_builder":"","_et_pb_old_content":"","_et_gb_content_width":"","footnotes":""},"class_list":["post-1380","page","type-page","status-publish","hentry"],"_links":{"self":[{"href":"https:\/\/projeteducatifniger.org\/es\/wp-json\/wp\/v2\/pages\/1380","targetHints":{"allow":["GET"]}}],"collection":[{"href":"https:\/\/projeteducatifniger.org\/es\/wp-json\/wp\/v2\/pages"}],"about":[{"href":"https:\/\/projeteducatifniger.org\/es\/wp-json\/wp\/v2\/types\/page"}],"author":[{"embeddable":true,"href":"https:\/\/projeteducatifniger.org\/es\/wp-json\/wp\/v2\/users\/1"}],"replies":[{"embeddable":true,"href":"https:\/\/projeteducatifniger.org\/es\/wp-json\/wp\/v2\/comments?post=1380"}],"version-history":[{"count":0,"href":"https:\/\/projeteducatifniger.org\/es\/wp-json\/wp\/v2\/pages\/1380\/revisions"}],"up":[{"embeddable":true,"href":"https:\/\/projeteducatifniger.org\/es\/wp-json\/wp\/v2\/pages\/1364"}],"wp:attachment":[{"href":"https:\/\/projeteducatifniger.org\/es\/wp-json\/wp\/v2\/media?parent=1380"}],"curies":[{"name":"wp","href":"https:\/\/api.w.org\/{rel}","templated":true}]}}